{"id":2300,"date":"2022-10-10T19:11:23","date_gmt":"2022-10-10T19:11:23","guid":{"rendered":"https:\/\/kzzywiec.org\/wp-content\/uploads\/2022\/10\/2022-10-02_laska.mp3"},"modified":"2022-10-10T19:11:31","modified_gmt":"2022-10-10T19:11:31","slug":"laska","status":"inherit","type":"attachment","link":"https:\/\/kzzywiec.org\/index.php\/2022\/10\/02\/laska-e-gradek\/laska\/","title":{"rendered":"\u0141aska"},"author":3,"featured_media":0,"comment_status":"closed","ping_status":"closed","template":"","meta":[],"class_list":["post-2300","attachment","type-attachment","status-inherit","hentry","media_category-kazania-2022"],"yoast_head":"<!-- This site is optimized with the Yoast SEO plugin v26.8 - https:\/\/yoast.com\/product\/yoast-seo-wordpress\/ -->\n<title>\u0141aska | Ko\u015bci\u00f3\u0142 Zielono\u015bwi\u0105tkowy Zb\u00f3r w \u017bywcu<\/title>\n<meta name=\"robots\" content=\"index, follow, max-snippet:-1, max-image-preview:large, max-video-preview:-1\" \/>\n<link rel=\"canonical\" href=\"https:\/\/kzzywiec.org\/wp-content\/uploads\/2022\/10\/2022-10-02_laska.mp3\" \/>\n<meta property=\"og:locale\" content=\"pl_PL\" \/>\n<meta property=\"og:type\" content=\"article\" \/>\n<meta property=\"og:title\" content=\"\u0141aska | Ko\u015bci\u00f3\u0142 Zielono\u015bwi\u0105tkowy Zb\u00f3r w \u017bywcu\" \/>\n<meta property=\"og:description\" content=\"https:\/\/kzzywiec.org\/wp-content\/uploads\/2022\/10\/2022-10-02_laska.mp3 &#8222;\u0141aska&#8221; autor: Eugeniusz Gradek. Rok wydania: 2022.\" \/>\n<meta property=\"og:url\" content=\"https:\/\/kzzywiec.org\/wp-content\/uploads\/2022\/10\/2022-10-02_laska.mp3\" \/>\n<meta property=\"og:site_name\" content=\"Ko\u015bci\u00f3\u0142 Zielono\u015bwi\u0105tkowy Zb\u00f3r w \u017bywcu\" \/>\n<meta property=\"article:publisher\" content=\"https:\/\/www.facebook.com\/kzzywiec\/\" \/>\n<meta property=\"article:modified_time\" content=\"2022-10-10T19:11:31+00:00\" \/>\n<meta name=\"twitter:card\" content=\"summary_large_image\" \/>\n<script type=\"application\/ld+json\" class=\"yoast-schema-graph\">{\"@context\":\"https:\/\/schema.org\",\"@graph\":[{\"@type\":\"WebPage\",\"@id\":\"https:\/\/kzzywiec.org\/wp-content\/uploads\/2022\/10\/2022-10-02_laska.mp3\",\"url\":\"https:\/\/kzzywiec.org\/wp-content\/uploads\/2022\/10\/2022-10-02_laska.mp3\",\"name\":\"\u0141aska | Ko\u015bci\u00f3\u0142 Zielono\u015bwi\u0105tkowy Zb\u00f3r w \u017bywcu\",\"isPartOf\":{\"@id\":\"https:\/\/kzzywiec.org\/#website\"},\"datePublished\":\"2022-10-10T19:11:23+00:00\",\"dateModified\":\"2022-10-10T19:11:31+00:00\",\"breadcrumb\":{\"@id\":\"https:\/\/kzzywiec.org\/wp-content\/uploads\/2022\/10\/2022-10-02_laska.mp3#breadcrumb\"},\"inLanguage\":\"pl-PL\",\"potentialAction\":[{\"@type\":\"ReadAction\",\"target\":[\"https:\/\/kzzywiec.org\/wp-content\/uploads\/2022\/10\/2022-10-02_laska.mp3\"]}]},{\"@type\":\"BreadcrumbList\",\"@id\":\"https:\/\/kzzywiec.org\/wp-content\/uploads\/2022\/10\/2022-10-02_laska.mp3#breadcrumb\",\"itemListElement\":[{\"@type\":\"ListItem\",\"position\":1,\"name\":\"Strona g\u0142\u00f3wna\",\"item\":\"https:\/\/kzzywiec.org\/\"},{\"@type\":\"ListItem\",\"position\":2,\"name\":\"\u0141aska &#8211; E. Gradek\",\"item\":\"https:\/\/kzzywiec.org\/index.php\/2022\/10\/02\/laska-e-gradek\/\"},{\"@type\":\"ListItem\",\"position\":3,\"name\":\"\u0141aska\"}]},{\"@type\":\"WebSite\",\"@id\":\"https:\/\/kzzywiec.org\/#website\",\"url\":\"https:\/\/kzzywiec.org\/\",\"name\":\"Ko\u015bci\u00f3\u0142 Zielono\u015bwi\u0105tkowy Zb\u00f3r w \u017bywcu\",\"description\":\"\",\"publisher\":{\"@id\":\"https:\/\/kzzywiec.org\/#organization\"},\"potentialAction\":[{\"@type\":\"SearchAction\",\"target\":{\"@type\":\"EntryPoint\",\"urlTemplate\":\"https:\/\/kzzywiec.org\/?s={search_term_string}\"},\"query-input\":{\"@type\":\"PropertyValueSpecification\",\"valueRequired\":true,\"valueName\":\"search_term_string\"}}],\"inLanguage\":\"pl-PL\"},{\"@type\":\"Organization\",\"@id\":\"https:\/\/kzzywiec.org\/#organization\",\"name\":\"Ko\u015bci\u00f3\u0142 Zielono\u015bwi\u0105tkowy Zb\u00f3r w \u017bywcu\",\"url\":\"https:\/\/kzzywiec.org\/\",\"logo\":{\"@type\":\"ImageObject\",\"inLanguage\":\"pl-PL\",\"@id\":\"https:\/\/kzzywiec.org\/#\/schema\/logo\/image\/\",\"url\":\"https:\/\/kzzywiec.org\/wp-content\/uploads\/2018\/02\/ikona.png\",\"contentUrl\":\"https:\/\/kzzywiec.org\/wp-content\/uploads\/2018\/02\/ikona.png\",\"width\":512,\"height\":512,\"caption\":\"Ko\u015bci\u00f3\u0142 Zielono\u015bwi\u0105tkowy Zb\u00f3r w \u017bywcu\"},\"image\":{\"@id\":\"https:\/\/kzzywiec.org\/#\/schema\/logo\/image\/\"},\"sameAs\":[\"https:\/\/www.facebook.com\/kzzywiec\/\"]}]}<\/script>\n<!-- \/ Yoast SEO plugin. -->","yoast_head_json":{"title":"\u0141aska | Ko\u015bci\u00f3\u0142 Zielono\u015bwi\u0105tkowy Zb\u00f3r w \u017bywcu","robots":{"index":"index","follow":"follow","max-snippet":"max-snippet:-1","max-image-preview":"max-image-preview:large","max-video-preview":"max-video-preview:-1"},"canonical":"https:\/\/kzzywiec.org\/wp-content\/uploads\/2022\/10\/2022-10-02_laska.mp3","og_locale":"pl_PL","og_type":"article","og_title":"\u0141aska | Ko\u015bci\u00f3\u0142 Zielono\u015bwi\u0105tkowy Zb\u00f3r w \u017bywcu","og_description":"https:\/\/kzzywiec.org\/wp-content\/uploads\/2022\/10\/2022-10-02_laska.mp3 &#8222;\u0141aska&#8221; autor: Eugeniusz Gradek. Rok wydania: 2022.","og_url":"https:\/\/kzzywiec.org\/wp-content\/uploads\/2022\/10\/2022-10-02_laska.mp3","og_site_name":"Ko\u015bci\u00f3\u0142 Zielono\u015bwi\u0105tkowy Zb\u00f3r w \u017bywcu","article_publisher":"https:\/\/www.facebook.com\/kzzywiec\/","article_modified_time":"2022-10-10T19:11:31+00:00","twitter_card":"summary_large_image","schema":{"@context":"https:\/\/schema.org","@graph":[{"@type":"WebPage","@id":"https:\/\/kzzywiec.org\/wp-content\/uploads\/2022\/10\/2022-10-02_laska.mp3","url":"https:\/\/kzzywiec.org\/wp-content\/uploads\/2022\/10\/2022-10-02_laska.mp3","name":"\u0141aska | Ko\u015bci\u00f3\u0142 Zielono\u015bwi\u0105tkowy Zb\u00f3r w \u017bywcu","isPartOf":{"@id":"https:\/\/kzzywiec.org\/#website"},"datePublished":"2022-10-10T19:11:23+00:00","dateModified":"2022-10-10T19:11:31+00:00","breadcrumb":{"@id":"https:\/\/kzzywiec.org\/wp-content\/uploads\/2022\/10\/2022-10-02_laska.mp3#breadcrumb"},"inLanguage":"pl-PL","potentialAction":[{"@type":"ReadAction","target":["https:\/\/kzzywiec.org\/wp-content\/uploads\/2022\/10\/2022-10-02_laska.mp3"]}]},{"@type":"BreadcrumbList","@id":"https:\/\/kzzywiec.org\/wp-content\/uploads\/2022\/10\/2022-10-02_laska.mp3#breadcrumb","itemListElement":[{"@type":"ListItem","position":1,"name":"Strona g\u0142\u00f3wna","item":"https:\/\/kzzywiec.org\/"},{"@type":"ListItem","position":2,"name":"\u0141aska &#8211; E. Gradek","item":"https:\/\/kzzywiec.org\/index.php\/2022\/10\/02\/laska-e-gradek\/"},{"@type":"ListItem","position":3,"name":"\u0141aska"}]},{"@type":"WebSite","@id":"https:\/\/kzzywiec.org\/#website","url":"https:\/\/kzzywiec.org\/","name":"Ko\u015bci\u00f3\u0142 Zielono\u015bwi\u0105tkowy Zb\u00f3r w \u017bywcu","description":"","publisher":{"@id":"https:\/\/kzzywiec.org\/#organization"},"potentialAction":[{"@type":"SearchAction","target":{"@type":"EntryPoint","urlTemplate":"https:\/\/kzzywiec.org\/?s={search_term_string}"},"query-input":{"@type":"PropertyValueSpecification","valueRequired":true,"valueName":"search_term_string"}}],"inLanguage":"pl-PL"},{"@type":"Organization","@id":"https:\/\/kzzywiec.org\/#organization","name":"Ko\u015bci\u00f3\u0142 Zielono\u015bwi\u0105tkowy Zb\u00f3r w \u017bywcu","url":"https:\/\/kzzywiec.org\/","logo":{"@type":"ImageObject","inLanguage":"pl-PL","@id":"https:\/\/kzzywiec.org\/#\/schema\/logo\/image\/","url":"https:\/\/kzzywiec.org\/wp-content\/uploads\/2018\/02\/ikona.png","contentUrl":"https:\/\/kzzywiec.org\/wp-content\/uploads\/2018\/02\/ikona.png","width":512,"height":512,"caption":"Ko\u015bci\u00f3\u0142 Zielono\u015bwi\u0105tkowy Zb\u00f3r w \u017bywcu"},"image":{"@id":"https:\/\/kzzywiec.org\/#\/schema\/logo\/image\/"},"sameAs":["https:\/\/www.facebook.com\/kzzywiec\/"]}]}},"description":{"rendered":"<audio class=\"wp-audio-shortcode\" id=\"audio-2300-2\" preload=\"none\" style=\"width: 100%;\" controls=\"controls\"><source type=\"audio\/mpeg\" src=\"https:\/\/kzzywiec.org\/wp-content\/uploads\/2022\/10\/2022-10-02_laska.mp3?_=2\" \/><a href=\"https:\/\/kzzywiec.org\/wp-content\/uploads\/2022\/10\/2022-10-02_laska.mp3\">https:\/\/kzzywiec.org\/wp-content\/uploads\/2022\/10\/2022-10-02_laska.mp3<\/a><\/audio>\n<p>&#8222;\u0141aska&#8221; autor: Eugeniusz Gradek. Rok wydania: 2022.<\/p>\n"},"caption":{"rendered":"<p>https:\/\/kzzywiec.org\/wp-content\/uploads\/2022\/10\/2022-10-02_laska.mp3 &#8222;\u0141aska&#8221; autor: Eugeniusz Gradek. Rok wydania: 2022.<\/p>\n"},"alt_text":"","media_type":"file","mime_type":"audio\/mpeg","media_details":{"dataformat":"mp3","channels":1,"sample_rate":44100,"bitrate":32000,"channelmode":"mono","bitrate_mode":"cbr","lossless":false,"encoder_options":"CBR32","compression_ratio":0.045351473922902494,"fileformat":"mp3","filesize":8435041,"mime_type":"audio\/mpeg","length":2109,"length_formatted":"35:09","title":"\u0141aska","year":"2022.10.02","recording_time":"2022.10.02","artist":"Eugeniusz Gradek","comment":"Ko\u00b7ci\u00f3\u00b7 Zielono\u00b7wi\u00b7tkowy - Zb\u00f3r w \u00b7ywcu - www.kzzywiec.org","album":"","sizes":{}},"post":2299,"source_url":"https:\/\/kzzywiec.org\/wp-content\/uploads\/2022\/10\/2022-10-02_laska.mp3","_links":{"self":[{"href":"https:\/\/kzzywiec.org\/index.php\/wp-json\/wp\/v2\/media\/2300","targetHints":{"allow":["GET"]}}],"collection":[{"href":"https:\/\/kzzywiec.org\/index.php\/wp-json\/wp\/v2\/media"}],"about":[{"href":"https:\/\/kzzywiec.org\/index.php\/wp-json\/wp\/v2\/types\/attachment"}],"author":[{"embeddable":true,"href":"https:\/\/kzzywiec.org\/index.php\/wp-json\/wp\/v2\/users\/3"}],"wp:attached-to":[{"embeddable":true,"post_type":"post","id":2299,"href":"https:\/\/kzzywiec.org\/index.php\/wp-json\/wp\/v2\/posts\/2299"}],"curies":[{"name":"wp","href":"https:\/\/api.w.org\/{rel}","templated":true}]}}